{"id":105,"date":"2017-03-24T08:06:44","date_gmt":"2017-03-24T07:06:44","guid":{"rendered":"http:\/\/landmetzgerei-mesquida.de\/page\/?page_id=105"},"modified":"2026-04-28T16:58:26","modified_gmt":"2026-04-28T14:58:26","slug":"home","status":"publish","type":"page","link":"https:\/\/landmetzgerei-mesquida.de\/page\/","title":{"rendered":"Home"},"content":{"rendered":"<p>[et_pb_section fb_built=&#8221;1&#8243; fullwidth=&#8221;on&#8221; _builder_version=&#8221;4.16&#8243; global_colors_info=&#8221;{}&#8221;][et_pb_fullwidth_code _builder_version=&#8221;4.16&#8243; global_colors_info=&#8221;{}&#8221;]<script type=\"text\/javascript\">jQuery(function() { _initLayerSlider( '#layerslider_2_qhphutxchgig', {sliderVersion: '9.1.3', responsiveUnder: 1280, slideBGSize: 'auto', hideUnder: 0, hideOver: 100000, pauseOnHover: 1, skin: 'borderlessdark3d', globalBGColor: 'transparent', thumbnailNavigation: 'disabled', useSrcset: true, skinsPath: 'https:\/\/landmetzgerei-mesquida.de\/page\/wp-content\/plugins\/LayerSlider\/assets\/static\/layerslider\/skins\/'}); });<\/script><link href=\"https:\/\/fonts.googleapis.com\/css?family=Open+Sans:100,100i,200,200i,300,300i,400,400i,500,500i,600,600i,700,700i,800,800i,900,900i%7CLato:100,100i,200,200i,300,300i,400,400i,500,500i,600,600i,700,700i,800,800i,900,900i%7CIndie+Flower:100,100i,200,200i,300,300i,400,400i,500,500i,600,600i,700,700i,800,800i,900,900i\" rel=\"stylesheet\"><div id=\"layerslider_2_qhphutxchgig\" class=\"ls-wp-container fitvidsignore\" style=\"width:1250px;height:550px;margin:0 auto;margin-bottom: 0px;\"><div class=\"ls-slide\" data-ls=\"duration:10000;transition2d:1;timeshift:-1000;kenburnsscale:1.2;\"><img loading=\"lazy\" decoding=\"async\" width=\"2560\" height=\"600\" src=\"https:\/\/landmetzgerei-mesquida.de\/page\/wp-content\/uploads\/layerslider\/Full-width-demo-slider\/fw-1.jpg\" class=\"ls-bg\" alt=\"\" srcset=\"https:\/\/landmetzgerei-mesquida.de\/page\/wp-content\/uploads\/layerslider\/Full-width-demo-slider\/fw-1.jpg 2560w, https:\/\/landmetzgerei-mesquida.de\/page\/wp-content\/uploads\/layerslider\/Full-width-demo-slider\/fw-1-300x70.jpg 300w, https:\/\/landmetzgerei-mesquida.de\/page\/wp-content\/uploads\/layerslider\/Full-width-demo-slider\/fw-1-768x180.jpg 768w, https:\/\/landmetzgerei-mesquida.de\/page\/wp-content\/uploads\/layerslider\/Full-width-demo-slider\/fw-1-1024x240.jpg 1024w, https:\/\/landmetzgerei-mesquida.de\/page\/wp-content\/uploads\/layerslider\/Full-width-demo-slider\/fw-1-1080x253.jpg 1080w\" sizes=\"(max-width: 2560px) 100vw, 2560px\" \/><img loading=\"lazy\" decoding=\"async\" width=\"1500\" height=\"600\" src=\"https:\/\/landmetzgerei-mesquida.de\/page\/wp-content\/uploads\/2017\/12\/kalbfleisch1.png\" class=\"ls-l ls-img-layer\" alt=\"\" srcset=\"https:\/\/landmetzgerei-mesquida.de\/page\/wp-content\/uploads\/2017\/12\/kalbfleisch1.png 1500w, https:\/\/landmetzgerei-mesquida.de\/page\/wp-content\/uploads\/2017\/12\/kalbfleisch1-300x120.png 300w, https:\/\/landmetzgerei-mesquida.de\/page\/wp-content\/uploads\/2017\/12\/kalbfleisch1-768x307.png 768w, https:\/\/landmetzgerei-mesquida.de\/page\/wp-content\/uploads\/2017\/12\/kalbfleisch1-1024x410.png 1024w, https:\/\/landmetzgerei-mesquida.de\/page\/wp-content\/uploads\/2017\/12\/kalbfleisch1-1080x432.png 1080w\" sizes=\"(max-width: 1500px) 100vw, 1500px\" style=\"top:-50px;left:-29px;\" data-ls=\"offsetxin:-200;durationin:2000;offsetxout:-200;durationout:400;parallaxlevel:0;\"><h1 style=\"font-weight: 300;height:50px;padding-top:10px;padding-right:10px;padding-left:10px;font-family:Lato, 'Open Sans', sans-serif;font-size:40px;line-height:37px;color:#ffffff;border-radius:6px;top:324px;left:19px;background-color:#ed1111;border-width:1px 1px 1px 1px;\" class=\"ls-l ls-text-layer\" data-ls=\"durationin:2000;delayin:1500;easingin:easeOutElastic;rotatexin:-90;transformoriginin:50% top 0;offsetxout:-400;parallaxlevel:0;\">Frisches BIO Kalbfleisch aus Galizien in Spitzenqualit&auml;t<\/h1><h2 style=\"height:35px;padding-top:5px;padding-right:10px;padding-bottom:10px;padding-left:10px;font-family:'Indie Flower';font-size:35px;color:#292525;border-radius:10px;top:393px;left:17px;background-color:#a2fa0a;border-width:5px 10px 0px 10px;\" class=\"ls-l ls-text-layer\" data-ls=\"durationin:2000;delayin:2000;easingin:easeOutElastic;rotatexin:90;transformoriginin:50% top 0;offsetxout:-600;durationout:400;parallaxlevel:0;\">Kalbsfilet, Kalbsr&uuml;cken, Kalbsschnitzel, Kalbsoberschale<\/h2><img loading=\"lazy\" decoding=\"async\" width=\"100\" height=\"118\" src=\"https:\/\/landmetzgerei-mesquida.de\/page\/wp-content\/uploads\/2017\/03\/logo-fleischerverband100x118.png\" class=\"ls-l ls-img-layer\" alt=\"\" style=\"top:369px;left:1085px;\" data-ls=\"offsetxin:80;easingin:easeInCubic;offsetxout:-80;durationout:400;parallaxlevel:0;\"><\/div><div class=\"ls-slide\" data-ls=\"duration:7000;transition2d:1;timeshift:-1000;kenburnsscale:1.2;\"><img loading=\"lazy\" decoding=\"async\" width=\"2560\" height=\"600\" src=\"https:\/\/landmetzgerei-mesquida.de\/page\/wp-content\/uploads\/layerslider\/Full-width-demo-slider\/fw-1.jpg\" class=\"ls-bg\" alt=\"\" srcset=\"https:\/\/landmetzgerei-mesquida.de\/page\/wp-content\/uploads\/layerslider\/Full-width-demo-slider\/fw-1.jpg 2560w, https:\/\/landmetzgerei-mesquida.de\/page\/wp-content\/uploads\/layerslider\/Full-width-demo-slider\/fw-1-300x70.jpg 300w, https:\/\/landmetzgerei-mesquida.de\/page\/wp-content\/uploads\/layerslider\/Full-width-demo-slider\/fw-1-768x180.jpg 768w, https:\/\/landmetzgerei-mesquida.de\/page\/wp-content\/uploads\/layerslider\/Full-width-demo-slider\/fw-1-1024x240.jpg 1024w, https:\/\/landmetzgerei-mesquida.de\/page\/wp-content\/uploads\/layerslider\/Full-width-demo-slider\/fw-1-1080x253.jpg 1080w\" sizes=\"(max-width: 2560px) 100vw, 2560px\" \/><img loading=\"lazy\" decoding=\"async\" width=\"1620\" height=\"1080\" src=\"https:\/\/landmetzgerei-mesquida.de\/page\/wp-content\/uploads\/2017\/03\/Fleischerei-4.jpg\" class=\"ls-l ls-img-layer\" alt=\"\" srcset=\"https:\/\/landmetzgerei-mesquida.de\/page\/wp-content\/uploads\/2017\/03\/Fleischerei-4.jpg 1620w, https:\/\/landmetzgerei-mesquida.de\/page\/wp-content\/uploads\/2017\/03\/Fleischerei-4-300x200.jpg 300w, https:\/\/landmetzgerei-mesquida.de\/page\/wp-content\/uploads\/2017\/03\/Fleischerei-4-768x512.jpg 768w, https:\/\/landmetzgerei-mesquida.de\/page\/wp-content\/uploads\/2017\/03\/Fleischerei-4-1024x683.jpg 1024w, https:\/\/landmetzgerei-mesquida.de\/page\/wp-content\/uploads\/2017\/03\/Fleischerei-4-1080x720.jpg 1080w\" sizes=\"(max-width: 1620px) 100vw, 1620px\" style=\"top:-113px;left:-162px;\" data-ls=\"offsetxin:600;durationin:2000;offsetxout:-600;durationout:400;parallaxlevel:0;\"><p style=\"font-weight: 300;height:60px;padding-top:20px;padding-right:10px;padding-left:10px;font-family:Lato, 'Open Sans', sans-serif;font-size:50px;line-height:37px;color:#ffffff;border-radius:3px;top:70px;left:105px;background-color:#f04705;\" class=\"ls-l ls-text-layer\" data-ls=\"durationin:2000;easingin:easeOutElastic;rotatexin:-90;transformoriginin:50% top 0;offsetxout:-200;parallaxlevel:0;\">Hausmacher-Grillspezialit&auml;ten<\/p><p style=\"font-family:'Indie Flower';font-size:31px;color:#ffffff;top:158px;left:111px;\" class=\"ls-l ls-text-layer\" data-ls=\"durationin:2000;delayin:2000;easingin:easeOutElastic;rotatexin:90;transformoriginin:50% top 0;offsetxout:-400;durationout:400;parallaxlevel:0;\">Verwendung von Qualit&auml;ts Produkten<\/p><img loading=\"lazy\" decoding=\"async\" width=\"100\" height=\"118\" src=\"https:\/\/landmetzgerei-mesquida.de\/page\/wp-content\/uploads\/2017\/03\/logo-fleischerverband100x118.png\" class=\"ls-l ls-img-layer\" alt=\"\" style=\"top:357px;left:1086px;\" data-ls=\"offsetxin:80;easingin:swing;offsetxout:-80;durationout:400;parallaxlevel:0;\"><\/div><div class=\"ls-slide\" data-ls=\"duration:7000;transition2d:1;timeshift:-1000;kenburnsscale:1.2;\"><img loading=\"lazy\" decoding=\"async\" width=\"2560\" height=\"600\" src=\"https:\/\/landmetzgerei-mesquida.de\/page\/wp-content\/uploads\/layerslider\/Full-width-demo-slider\/fw-1.jpg\" class=\"ls-bg\" alt=\"\" srcset=\"https:\/\/landmetzgerei-mesquida.de\/page\/wp-content\/uploads\/layerslider\/Full-width-demo-slider\/fw-1.jpg 2560w, https:\/\/landmetzgerei-mesquida.de\/page\/wp-content\/uploads\/layerslider\/Full-width-demo-slider\/fw-1-300x70.jpg 300w, https:\/\/landmetzgerei-mesquida.de\/page\/wp-content\/uploads\/layerslider\/Full-width-demo-slider\/fw-1-768x180.jpg 768w, https:\/\/landmetzgerei-mesquida.de\/page\/wp-content\/uploads\/layerslider\/Full-width-demo-slider\/fw-1-1024x240.jpg 1024w, https:\/\/landmetzgerei-mesquida.de\/page\/wp-content\/uploads\/layerslider\/Full-width-demo-slider\/fw-1-1080x253.jpg 1080w\" sizes=\"(max-width: 2560px) 100vw, 2560px\" \/><img loading=\"lazy\" decoding=\"async\" width=\"1300\" height=\"864\" src=\"https:\/\/landmetzgerei-mesquida.de\/page\/wp-content\/uploads\/2017\/03\/DSC01052-1-1.jpg\" class=\"ls-l ls-img-layer\" alt=\"\" srcset=\"https:\/\/landmetzgerei-mesquida.de\/page\/wp-content\/uploads\/2017\/03\/DSC01052-1-1.jpg 1300w, https:\/\/landmetzgerei-mesquida.de\/page\/wp-content\/uploads\/2017\/03\/DSC01052-1-1-300x199.jpg 300w, https:\/\/landmetzgerei-mesquida.de\/page\/wp-content\/uploads\/2017\/03\/DSC01052-1-1-768x510.jpg 768w, https:\/\/landmetzgerei-mesquida.de\/page\/wp-content\/uploads\/2017\/03\/DSC01052-1-1-1024x681.jpg 1024w, https:\/\/landmetzgerei-mesquida.de\/page\/wp-content\/uploads\/2017\/03\/DSC01052-1-1-1080x718.jpg 1080w\" sizes=\"(max-width: 1300px) 100vw, 1300px\" style=\"top:-152px;left:-10px;\" data-ls=\"offsetxin:-200;durationin:2000;offsetxout:-200;durationout:400;parallaxlevel:0;\"><p style=\"font-weight: 300;height:50px;padding-top:10px;padding-right:10px;padding-left:10px;font-family:Lato, 'Open Sans', sans-serif;font-size:40px;line-height:37px;color:#ffffff;border-radius:3px;top:27px;left:20px;background-color:#383737;border-width:1px 1px 1px 1px;\" class=\"ls-l ls-text-layer\" data-ls=\"durationin:2000;delayin:1500;easingin:easeOutElastic;rotatexin:-90;transformoriginin:50% top 0;offsetxout:-400;parallaxlevel:0;\">Ger&auml;ucherte Wurstspezialit&auml;ten<\/p><p style=\"font-family:'Indie Flower';font-size:40px;color:#ffffff;top:84px;left:29px;\" class=\"ls-l ls-text-layer\" data-ls=\"durationin:2000;delayin:2000;easingin:easeOutElastic;rotatexin:90;transformoriginin:50% top 0;offsetxout:-600;durationout:400;parallaxlevel:0;\">verschiedene Sorten<\/p><img loading=\"lazy\" decoding=\"async\" width=\"100\" height=\"118\" src=\"https:\/\/landmetzgerei-mesquida.de\/page\/wp-content\/uploads\/2017\/03\/logo-fleischerverband100x118.png\" class=\"ls-l ls-img-layer\" alt=\"\" style=\"top:369px;left:1069px;\" data-ls=\"offsetxin:80;easingin:easeInCubic;offsetxout:-80;durationout:400;parallax:true;parallaxlevel:1;\"><\/div><div class=\"ls-slide\" data-ls=\"duration:7000;transition2d:1;timeshift:-1000;kenburnsscale:1.2;\"><img loading=\"lazy\" decoding=\"async\" width=\"2560\" height=\"600\" src=\"https:\/\/landmetzgerei-mesquida.de\/page\/wp-content\/uploads\/layerslider\/Full-width-demo-slider\/fw-1.jpg\" class=\"ls-bg\" alt=\"\" srcset=\"https:\/\/landmetzgerei-mesquida.de\/page\/wp-content\/uploads\/layerslider\/Full-width-demo-slider\/fw-1.jpg 2560w, https:\/\/landmetzgerei-mesquida.de\/page\/wp-content\/uploads\/layerslider\/Full-width-demo-slider\/fw-1-300x70.jpg 300w, https:\/\/landmetzgerei-mesquida.de\/page\/wp-content\/uploads\/layerslider\/Full-width-demo-slider\/fw-1-768x180.jpg 768w, https:\/\/landmetzgerei-mesquida.de\/page\/wp-content\/uploads\/layerslider\/Full-width-demo-slider\/fw-1-1024x240.jpg 1024w, https:\/\/landmetzgerei-mesquida.de\/page\/wp-content\/uploads\/layerslider\/Full-width-demo-slider\/fw-1-1080x253.jpg 1080w\" sizes=\"(max-width: 2560px) 100vw, 2560px\" \/><img loading=\"lazy\" decoding=\"async\" width=\"1500\" height=\"650\" src=\"https:\/\/landmetzgerei-mesquida.de\/page\/wp-content\/uploads\/2021\/04\/spezi1.png\" class=\"ls-l ls-img-layer\" alt=\"\" srcset=\"https:\/\/landmetzgerei-mesquida.de\/page\/wp-content\/uploads\/2021\/04\/spezi1.png 1500w, https:\/\/landmetzgerei-mesquida.de\/page\/wp-content\/uploads\/2021\/04\/spezi1-1280x555.png 1280w, https:\/\/landmetzgerei-mesquida.de\/page\/wp-content\/uploads\/2021\/04\/spezi1-980x425.png 980w, https:\/\/landmetzgerei-mesquida.de\/page\/wp-content\/uploads\/2021\/04\/spezi1-480x208.png 480w\" sizes=\"(min-width: 0px) and (max-width: 480px) 480px, (min-width: 481px) and (max-width: 980px) 980px, (min-width: 981px) and (max-width: 1280px) 1280px, (min-width: 1281px) 1500px, 100vw\" style=\"top:-100px;left:-89px;\" data-ls=\"offsetxin:-200;durationin:2000;offsetxout:-200;durationout:400;parallaxlevel:0;\"><p style=\"font-weight: 300;height:50px;padding-top:10px;padding-right:10px;padding-left:10px;font-family:Lato, 'Open Sans', sans-serif;font-size:40px;line-height:37px;color:#ffffff;border-radius:3px;top:353px;left:14px;background-color:#ed1111;border-width:1px 1px 1px 1px;\" class=\"ls-l ls-text-layer\" data-ls=\"durationin:2000;delayin:1500;easingin:easeOutElastic;rotatexin:-90;transformoriginin:50% top 0;offsetxout:-400;parallaxlevel:0;\">BIO Fleisch vom Bauernhof<\/p><p style=\"font-family:'Indie Flower';font-size:35px;color:#ffffff;top:413px;left:27px;\" class=\"ls-l ls-text-layer\" data-ls=\"durationin:2000;delayin:2000;easingin:easeOutElastic;rotatexin:90;transformoriginin:50% top 0;offsetxout:-600;durationout:400;parallaxlevel:0;\">Filet, Entrec&ograve;te, Lamm, u.v.m<\/p><img loading=\"lazy\" decoding=\"async\" width=\"100\" height=\"118\" src=\"https:\/\/landmetzgerei-mesquida.de\/page\/wp-content\/uploads\/2017\/03\/logo-fleischerverband100x118.png\" class=\"ls-l ls-img-layer\" alt=\"\" style=\"top:369px;left:1069px;\" data-ls=\"offsetxin:80;easingin:easeInCubic;offsetxout:-80;durationout:400;parallaxlevel:0;\"><\/div><div class=\"ls-slide\" data-ls=\"duration:7000;transition2d:1;timeshift:-1000;kenburnsscale:1.2;\"><img loading=\"lazy\" decoding=\"async\" width=\"2560\" height=\"600\" src=\"https:\/\/landmetzgerei-mesquida.de\/page\/wp-content\/uploads\/layerslider\/Full-width-demo-slider\/fw-1.jpg\" class=\"ls-bg\" alt=\"\" srcset=\"https:\/\/landmetzgerei-mesquida.de\/page\/wp-content\/uploads\/layerslider\/Full-width-demo-slider\/fw-1.jpg 2560w, https:\/\/landmetzgerei-mesquida.de\/page\/wp-content\/uploads\/layerslider\/Full-width-demo-slider\/fw-1-300x70.jpg 300w, https:\/\/landmetzgerei-mesquida.de\/page\/wp-content\/uploads\/layerslider\/Full-width-demo-slider\/fw-1-768x180.jpg 768w, https:\/\/landmetzgerei-mesquida.de\/page\/wp-content\/uploads\/layerslider\/Full-width-demo-slider\/fw-1-1024x240.jpg 1024w, https:\/\/landmetzgerei-mesquida.de\/page\/wp-content\/uploads\/layerslider\/Full-width-demo-slider\/fw-1-1080x253.jpg 1080w\" sizes=\"(max-width: 2560px) 100vw, 2560px\" \/><img loading=\"lazy\" decoding=\"async\" width=\"1300\" height=\"650\" src=\"https:\/\/landmetzgerei-mesquida.de\/page\/wp-content\/uploads\/2017\/03\/fleich-slider.png\" class=\"ls-l ls-img-layer\" alt=\"\" srcset=\"https:\/\/landmetzgerei-mesquida.de\/page\/wp-content\/uploads\/2017\/03\/fleich-slider.png 1300w, https:\/\/landmetzgerei-mesquida.de\/page\/wp-content\/uploads\/2017\/03\/fleich-slider-300x150.png 300w, https:\/\/landmetzgerei-mesquida.de\/page\/wp-content\/uploads\/2017\/03\/fleich-slider-768x384.png 768w, https:\/\/landmetzgerei-mesquida.de\/page\/wp-content\/uploads\/2017\/03\/fleich-slider-1024x512.png 1024w, https:\/\/landmetzgerei-mesquida.de\/page\/wp-content\/uploads\/2017\/03\/fleich-slider-1080x540.png 1080w\" sizes=\"(max-width: 1300px) 100vw, 1300px\" style=\"top:-100px;left:-25px;\" data-ls=\"offsetxin:-200;durationin:2000;offsetxout:-200;durationout:400;parallaxlevel:0;\"><p style=\"font-weight: 300;height:50px;padding-top:10px;padding-right:10px;padding-left:10px;font-family:Lato, 'Open Sans', sans-serif;font-size:40px;line-height:37px;color:#ffffff;border-radius:3px;top:355px;left:24px;background-color:#030303;border-width:1px 1px 1px 1px;\" class=\"ls-l ls-text-layer\" data-ls=\"durationin:2000;delayin:1500;easingin:easeOutElastic;rotatexin:-90;transformoriginin:50% top 0;offsetxout:-400;parallaxlevel:0;\">Qualit&auml;t zum Fairen Preis<\/p><p style=\"font-family:'Indie Flower';font-size:35px;color:#ffffff;top:419px;left:28px;\" class=\"ls-l ls-text-layer\" data-ls=\"durationin:2000;delayin:2000;easingin:easeOutElastic;rotatexin:90;transformoriginin:50% top 0;offsetxout:-600;durationout:400;parallaxlevel:0;\">&Uuml;berzeugen Sie sich selbst<\/p><img loading=\"lazy\" decoding=\"async\" width=\"100\" height=\"118\" src=\"https:\/\/landmetzgerei-mesquida.de\/page\/wp-content\/uploads\/2017\/03\/logo-fleischerverband100x118.png\" class=\"ls-l ls-img-layer\" alt=\"\" style=\"top:369px;left:1069px;\" data-ls=\"offsetxin:80;easingin:easeInCubic;offsetxout:-80;durationout:400;parallaxlevel:0;\"><\/div><\/div>[\/et_pb_fullwidth_code][\/et_pb_section][et_pb_section fb_built=&#8221;1&#8243; fullwidth=&#8221;on&#8221; _builder_version=&#8221;4.16&#8243; use_background_color_gradient=&#8221;on&#8221; background_image=&#8221;https:\/\/landmetzgerei-mesquida.de\/page\/wp-content\/uploads\/2017\/03\/back1.png&#8221; box_shadow_style=&#8221;preset3&#8243; box_shadow_color=&#8221;#000000&#8243; global_colors_info=&#8221;{}&#8221;][et_pb_fullwidth_header title=&#8221;Landmetzgerei Mesquida&#8221; text_orientation=&#8221;center&#8221; _builder_version=&#8221;4.16&#8243; background_color=&#8221;rgba(255, 255, 255, 0)&#8221; background_layout=&#8221;light&#8221; custom_padding=&#8221;||10px|&#8221; animation_style=&#8221;slide&#8221; text_shadow_style=&#8221;preset1&#8243; global_colors_info=&#8221;{}&#8221; button_one_text_size__hover_enabled=&#8221;off&#8221; button_one_text_size__hover=&#8221;null&#8221; button_two_text_size__hover_enabled=&#8221;off&#8221; button_two_text_size__hover=&#8221;null&#8221; button_one_text_color__hover_enabled=&#8221;off&#8221; button_one_text_color__hover=&#8221;null&#8221; button_two_text_color__hover_enabled=&#8221;off&#8221; button_two_text_color__hover=&#8221;null&#8221; button_one_border_width__hover_enabled=&#8221;off&#8221; button_one_border_width__hover=&#8221;null&#8221; button_two_border_width__hover_enabled=&#8221;off&#8221; button_two_border_width__hover=&#8221;null&#8221; button_one_border_color__hover_enabled=&#8221;off&#8221; button_one_border_color__hover=&#8221;null&#8221; button_two_border_color__hover_enabled=&#8221;off&#8221; button_two_border_color__hover=&#8221;null&#8221; button_one_border_radius__hover_enabled=&#8221;off&#8221; button_one_border_radius__hover=&#8221;null&#8221; button_two_border_radius__hover_enabled=&#8221;off&#8221; button_two_border_radius__hover=&#8221;null&#8221; button_one_letter_spacing__hover_enabled=&#8221;off&#8221; button_one_letter_spacing__hover=&#8221;null&#8221; button_two_letter_spacing__hover_enabled=&#8221;off&#8221; button_two_letter_spacing__hover=&#8221;null&#8221; button_one_bg_color__hover_enabled=&#8221;off&#8221; button_one_bg_color__hover=&#8221;null&#8221; button_two_bg_color__hover_enabled=&#8221;off&#8221; button_two_bg_color__hover=&#8221;null&#8221;]<\/p>\n<h4>Ihr traditioneller Deutscher Handwerksbetrieb auf Mallorca<\/h4>\n<p>[\/et_pb_fullwidth_header][\/et_pb_section][et_pb_section fb_built=&#8221;1&#8243; _builder_version=&#8221;4.16&#8243; background_color=&#8221;#32c922&#8243; use_background_color_gradient=&#8221;on&#8221; background_color_gradient_stops=&#8221;#005907 20%|#569b15 100%&#8221; background_color_gradient_start=&#8221;#005907&#8243; background_color_gradient_start_position=&#8221;20%&#8221; background_color_gradient_end=&#8221;#569b15&#8243; custom_padding=&#8221;20px||1px|&#8221; animation_style=&#8221;flip&#8221; z_index_tablet=&#8221;500&#8243; box_shadow_style=&#8221;preset3&#8243; box_shadow_spread=&#8221;8px&#8221; box_shadow_color=&#8221;#444444&#8243; box_shadow_vertical_tablet=&#8221;0px&#8221; box_shadow_blur_tablet=&#8221;40px&#8221; box_shadow_spread_tablet=&#8221;0px&#8221; global_colors_info=&#8221;{}&#8221; global_module=&#8221;482&#8243; theme_builder_area=&#8221;post_content&#8221;][et_pb_row admin_label=&#8221;Zeile&#8221; _builder_version=&#8221;4.16&#8243; background_size=&#8221;initial&#8221; background_position=&#8221;top_left&#8221; background_repeat=&#8221;repeat&#8221; custom_padding=&#8221;||1px|&#8221; z_index_tablet=&#8221;500&#8243; box_shadow_horizontal_tablet=&#8221;0px&#8221; box_shadow_vertical_tablet=&#8221;0px&#8221; box_shadow_blur_tablet=&#8221;40px&#8221; box_shadow_spread_tablet=&#8221;0px&#8221; global_colors_info=&#8221;{}&#8221; theme_builder_area=&#8221;post_content&#8221;][et_pb_column type=&#8221;4_4&#8243; _builder_version=&#8221;4.16&#8243; custom_padding=&#8221;|||&#8221; global_colors_info=&#8221;{}&#8221; custom_padding__hover=&#8221;|||&#8221; theme_builder_area=&#8221;post_content&#8221;][et_pb_text admin_label=&#8221;Aktuelle Mitteilug&#8221; _builder_version=&#8221;4.27.6&#8243; text_orientation=&#8221;center&#8221; background_layout=&#8221;dark&#8221; custom_padding=&#8221;10px||1px|&#8221; hover_enabled=&#8221;0&#8243; z_index_tablet=&#8221;500&#8243; box_shadow_horizontal_tablet=&#8221;0px&#8221; box_shadow_vertical_tablet=&#8221;0px&#8221; box_shadow_blur_tablet=&#8221;40px&#8221; box_shadow_spread_tablet=&#8221;0px&#8221; use_border_color=&#8221;off&#8221; border_color=&#8221;#ffffff&#8221; border_style=&#8221;solid&#8221; global_colors_info=&#8221;{}&#8221; theme_builder_area=&#8221;post_content&#8221; sticky_enabled=&#8221;0&#8243;]<\/p>\n<h1 style=\"text-align: center;\"><strong>&gt;&gt;&gt; AKTUELLE MITTEILUNG &lt;&lt;&lt;<\/strong><\/h1>\n<p>&nbsp;<\/p>\n<h3 style=\"text-align: center;\">Am Freitag den 1.5.26 ist unsere Metzgerei geschlossen !<\/h3>\n<p>&nbsp;<\/p>\n<p>&nbsp;<\/p>\n<p>[\/et_pb_text][\/et_pb_column][\/et_pb_row][\/et_pb_section][et_pb_section fb_built=&#8221;1&#8243; admin_label=&#8221;section&#8221; _builder_version=&#8221;4.16&#8243; global_colors_info=&#8221;{}&#8221;][et_pb_row column_structure=&#8221;1_3,1_3,1_3&#8243; _builder_version=&#8221;4.16&#8243; background_size=&#8221;initial&#8221; background_position=&#8221;top_left&#8221; background_repeat=&#8221;repeat&#8221; max_width_phone=&#8221;1280px&#8221; custom_padding=&#8221;|50px||50px&#8221; animation_style=&#8221;slide&#8221; z_index_tablet=&#8221;500&#8243; box_shadow_horizontal_tablet=&#8221;0px&#8221; box_shadow_vertical_tablet=&#8221;0px&#8221; box_shadow_blur_tablet=&#8221;40px&#8221; box_shadow_spread_tablet=&#8221;0px&#8221; global_colors_info=&#8221;{}&#8221;][et_pb_column type=&#8221;1_3&#8243; _builder_version=&#8221;4.16&#8243; custom_padding=&#8221;|||&#8221; global_colors_info=&#8221;{}&#8221; custom_padding__hover=&#8221;|||&#8221;][et_pb_text _builder_version=&#8221;4.16&#8243; background_size=&#8221;initial&#8221; background_position=&#8221;top_left&#8221; background_repeat=&#8221;repeat&#8221; text_orientation=&#8221;center&#8221; module_alignment=&#8221;center&#8221; use_border_color=&#8221;off&#8221; border_color=&#8221;#ffffff&#8221; border_style=&#8221;solid&#8221; global_colors_info=&#8221;{}&#8221;]<\/p>\n<h1><span class=\"diyfeDecoration\">Regional<\/span><\/h1>\n<p>[\/et_pb_text][et_pb_image src=&#8221;https:\/\/landmetzgerei-mesquida.de\/page\/wp-content\/uploads\/2017\/03\/rund1-1.png&#8221; align=&#8221;center&#8221; align_tablet=&#8221;center&#8221; align_phone=&#8221;&#8221; align_last_edited=&#8221;on|desktop&#8221; _builder_version=&#8221;4.16&#8243; animation_style=&#8221;slide&#8221; animation_direction=&#8221;left&#8221; animation_duration=&#8221;500ms&#8221; animation_intensity_slide=&#8221;10%&#8221; use_border_color=&#8221;off&#8221; border_color=&#8221;#ffffff&#8221; border_style=&#8221;solid&#8221; animation=&#8221;left&#8221; sticky=&#8221;off&#8221; always_center_on_mobile=&#8221;on&#8221; global_colors_info=&#8221;{}&#8221;][\/et_pb_image][et_pb_text _builder_version=&#8221;4.16&#8243; background_size=&#8221;initial&#8221; background_position=&#8221;top_left&#8221; background_repeat=&#8221;repeat&#8221; text_orientation=&#8221;center&#8221; module_alignment=&#8221;center&#8221; use_border_color=&#8221;off&#8221; border_color=&#8221;#ffffff&#8221; border_style=&#8221;solid&#8221; global_colors_info=&#8221;{}&#8221;]<\/p>\n<p>\nLange Zusammenarbeit mit regionalen Landwirten, denen wir vertrauen:<br \/>Das st\u00e4rkt die Region!<\/p>\n<p>[\/et_pb_text][\/et_pb_column][et_pb_column type=&#8221;1_3&#8243; _builder_version=&#8221;4.16&#8243; custom_padding=&#8221;|||&#8221; global_colors_info=&#8221;{}&#8221; custom_padding__hover=&#8221;|||&#8221;][et_pb_text _builder_version=&#8221;4.16&#8243; background_size=&#8221;initial&#8221; background_position=&#8221;top_left&#8221; background_repeat=&#8221;repeat&#8221; text_orientation=&#8221;center&#8221; module_alignment=&#8221;center&#8221; use_border_color=&#8221;off&#8221; border_color=&#8221;#ffffff&#8221; border_style=&#8221;solid&#8221; global_colors_info=&#8221;{}&#8221;]<\/p>\n<h1><span class=\"diyfeDecoration\">Handwerklich<\/span><\/h1>\n<p>[\/et_pb_text][et_pb_image src=&#8221;https:\/\/landmetzgerei-mesquida.de\/page\/wp-content\/uploads\/2017\/03\/rund2.png&#8221; align=&#8221;center&#8221; align_tablet=&#8221;center&#8221; align_phone=&#8221;&#8221; align_last_edited=&#8221;on|desktop&#8221; _builder_version=&#8221;4.16&#8243; animation_style=&#8221;slide&#8221; animation_direction=&#8221;left&#8221; animation_duration=&#8221;500ms&#8221; animation_intensity_slide=&#8221;10%&#8221; use_border_color=&#8221;off&#8221; border_color=&#8221;#ffffff&#8221; border_style=&#8221;solid&#8221; animation=&#8221;left&#8221; sticky=&#8221;off&#8221; always_center_on_mobile=&#8221;on&#8221; global_colors_info=&#8221;{}&#8221;][\/et_pb_image][et_pb_text _builder_version=&#8221;4.16&#8243; background_size=&#8221;initial&#8221; background_position=&#8221;top_left&#8221; background_repeat=&#8221;repeat&#8221; text_orientation=&#8221;center&#8221; module_alignment=&#8221;center&#8221; use_border_color=&#8221;off&#8221; border_color=&#8221;#ffffff&#8221; border_style=&#8221;solid&#8221; global_colors_info=&#8221;{}&#8221;]<\/p>\n<p>\nMit h\u00f6chsten handwerklichen Anspr\u00fcchen und gr\u00f6\u00dfter Sorgfalt stellen wir unsere Produkte traditionell her.<\/p>\n<p>[\/et_pb_text][\/et_pb_column][et_pb_column type=&#8221;1_3&#8243; _builder_version=&#8221;4.16&#8243; custom_padding=&#8221;|||&#8221; global_colors_info=&#8221;{}&#8221; custom_padding__hover=&#8221;|||&#8221;][et_pb_text _builder_version=&#8221;4.16&#8243; background_size=&#8221;initial&#8221; background_position=&#8221;top_left&#8221; background_repeat=&#8221;repeat&#8221; text_orientation=&#8221;center&#8221; module_alignment=&#8221;center&#8221; use_border_color=&#8221;off&#8221; border_color=&#8221;#ffffff&#8221; border_style=&#8221;solid&#8221; global_colors_info=&#8221;{}&#8221;]<\/p>\n<h1><span class=\"diyfeDecoration\">Traditionell<\/span><\/h1>\n<p>[\/et_pb_text][et_pb_image src=&#8221;https:\/\/landmetzgerei-mesquida.de\/page\/wp-content\/uploads\/2017\/03\/rund3.png&#8221; align=&#8221;center&#8221; align_tablet=&#8221;center&#8221; align_phone=&#8221;&#8221; align_last_edited=&#8221;on|desktop&#8221; _builder_version=&#8221;4.16&#8243; animation_style=&#8221;slide&#8221; animation_direction=&#8221;left&#8221; animation_duration=&#8221;500ms&#8221; animation_intensity_slide=&#8221;10%&#8221; use_border_color=&#8221;off&#8221; border_color=&#8221;#ffffff&#8221; border_style=&#8221;solid&#8221; animation=&#8221;left&#8221; sticky=&#8221;off&#8221; always_center_on_mobile=&#8221;on&#8221; global_colors_info=&#8221;{}&#8221;][\/et_pb_image][et_pb_text _builder_version=&#8221;4.16&#8243; background_size=&#8221;initial&#8221; background_position=&#8221;top_left&#8221; background_repeat=&#8221;repeat&#8221; text_orientation=&#8221;center&#8221; module_alignment=&#8221;center&#8221; use_border_color=&#8221;off&#8221; border_color=&#8221;#ffffff&#8221; border_style=&#8221;solid&#8221; global_colors_info=&#8221;{}&#8221;]<\/p>\n<p>\nBereits \u00fcber 20 Jahre besteht unsere Metzgerei und in dieser Tradition stellen wir 100% unserer Waren selbst her.<\/p>\n<p>[\/et_pb_text][\/et_pb_column][\/et_pb_row][\/et_pb_section][et_pb_section fb_built=&#8221;1&#8243; _builder_version=&#8221;4.16&#8243; background_color=&#8221;#02537f&#8221; transparent_background=&#8221;off&#8221; make_fullwidth=&#8221;off&#8221; use_custom_width=&#8221;off&#8221; width_unit=&#8221;on&#8221; global_colors_info=&#8221;{}&#8221;][et_pb_row _builder_version=&#8221;4.16&#8243; background_size=&#8221;initial&#8221; background_position=&#8221;top_left&#8221; background_repeat=&#8221;repeat&#8221; animation_style=&#8221;zoom&#8221; global_colors_info=&#8221;{}&#8221;][et_pb_column type=&#8221;4_4&#8243; _builder_version=&#8221;4.16&#8243; custom_padding=&#8221;|||&#8221; global_colors_info=&#8221;{}&#8221; custom_padding__hover=&#8221;|||&#8221;][et_pb_text _builder_version=&#8221;4.16&#8243; background_size=&#8221;initial&#8221; background_position=&#8221;top_left&#8221; background_repeat=&#8221;repeat&#8221; background_layout=&#8221;dark&#8221; module_alignment=&#8221;left&#8221; custom_padding=&#8221;|60px||60px&#8221; z_index_tablet=&#8221;500&#8243; use_border_color=&#8221;off&#8221; border_color=&#8221;#ffffff&#8221; border_style=&#8221;solid&#8221; global_colors_info=&#8221;{}&#8221;]<\/p>\n<h2><img loading=\"lazy\" decoding=\"async\" class=\"alignright size-full wp-image-261\" src=\"https:\/\/landmetzgerei-mesquida.de\/page\/wp-content\/uploads\/2017\/03\/anihar.jpg\" alt=\"\" width=\"300\" height=\"226\" \/>Deutsche Metzgerei unter Palmen (Mallorca)<\/h2>\n<p>Den Traum vieler Touristen im sonnigen S\u00fcden leben und arbeiten zu d\u00fcrfen, erf\u00fcllten sich der Fleischermeister Harald Brill und seine Frau Anita,vor 20 Jahren, mit Ihrer eigenen kleinen Landmetzgerei in Cala Mesquida.<\/p>\n<p>Bis zur Umsetzung ihres Vorhabens musste noch viel bew\u00e4ltigt werden.<br \/>Auf 140 qm eines alten Firmengeb\u00e4udes entstanden in zweij\u00e4hriger Bauphase, Produktions- und Kochraum, K\u00fchlh\u00e4user, Lagerr\u00e4ume, B\u00fcro und Verkaufsraum.<br \/>W\u00e4hrend dieser Zeit arbeitete Harry Brill in einer mallorquinischen Grossmetzgerei um die Gebr\u00e4uche von hier und nat\u00fcrlich auch die Sprache zu lernen.<\/p>\n<p>Nun betreiben die beiden in Cala Mesquida ihre \u201c Landmetzgerei Mesquida \u201c. Die gute Seele des Verkaufes ist Metzgersgattin Anita Brill, gelernte Fleischei-Fachverk\u00e4uferin.<\/p>\n<p>Es werden in handwerklicher Produktion, mit Herkunftsnachweis der Tiere, ca. 70 verschiedene Wurstsorten hergestellt. Die reichhaltige Palette reicht von Bierschinken, Fleischwurst, Pfefferbeisser, Mettwurst, mehrere Sorten Leberwurst, versch. Schinkenspezialit\u00e4ten, hausgemachtem Fleischsalat, bis hin zu den feinsten Aufschnittsorten oder den nordhessischen Wurstwaren. Hierzu z\u00e4hlt eine besondere Spezialit\u00e4t, n\u00e4mlich die \u201c Ahlewurst \u201c<br \/>Eine Bauernmettwurst, die ausschliesslich im Nordhessischen Bereich hergestellt wird, die einen besonderen Aufwand in der Herstellung und in der Pflege ben\u00f6tigt. Sie wird luftgetrocknet, oder mit Buchenholz ger\u00e4uchert und ist daher f\u00fcr das Inselklima wie geschaffen.<br \/>Je l\u00e4nger sie reift und trocknet, um so geschmackvoller wird sie.<\/p>\n<p>Bei der Produktion der Wurstwaren wird darauf geachtet, dass m\u00f6glichst wenig E-Stoffe verwendet werden und die Zutaten und Gew\u00fcrze auf Naturbasis sind, so dass sie auch f\u00fcr Allergiker bestens geeignet und gut vertr\u00e4glich sind. Grillspezialit\u00e4ten von Rind, Schwein oder Gefl\u00fcgel, die in verschiedenen, eigens hergestellten Gew\u00fcrzmischungen eingelegt werden, die 1995 pr\u00e4mierte Hausmacher Bratwurst und die Th\u00fcringer Bratwurst, sind besonders gefragt.<\/p>\n<p>Beim monatlichen Grillfest kann man die Spezialit\u00e4ten mit hausgemachten Salaten und einem leckeren Bierchen vom Fass geniessen.<\/p>\n<p>Durch die langj\u00e4hrige Bekanntschaft der Brill`s zu dem Rockmusiker Peter Maffay, haben sie die M\u00f6glichkeit die Biotiere von dessen Biofinca \u201c Can Sureda \u201c zu beziehen und ab Freitag nachmittags bekommt man auf Vorbestellung, Biobrot, Ziegenk\u00e4se, Biomarmelade, Obst, Eier und Gem\u00fcse.<\/p>\n<p>[\/et_pb_text][\/et_pb_column][\/et_pb_row][\/et_pb_section][et_pb_section fb_built=&#8221;1&#8243; _builder_version=&#8221;4.16&#8243; background_color=&#8221;#001459&#8243; use_background_color_gradient=&#8221;on&#8221; background_color_gradient_stops=&#8221;#005907 0%|#15a80d 100%&#8221; background_color_gradient_start=&#8221;#005907&#8243; background_color_gradient_end=&#8221;#15a80d&#8221; custom_padding=&#8221;15px||15px|&#8221; global_colors_info=&#8221;{}&#8221;][et_pb_row _builder_version=&#8221;4.16&#8243; custom_padding=&#8221;5px||5px|&#8221; global_colors_info=&#8221;{}&#8221;][et_pb_column type=&#8221;4_4&#8243; _builder_version=&#8221;4.16&#8243; custom_padding=&#8221;|||&#8221; global_colors_info=&#8221;{}&#8221; custom_padding__hover=&#8221;|||&#8221;][et_pb_cta title=&#8221;Zufrieden? Dann sagen Sie es weiter und bewerten uns!&#8221; button_url=&#8221;https:\/\/landmetzgerei-mesquida.de\/page\/bewertungsformular\/&#8221; button_text=&#8221;Bewertung Abgeben&#8221; admin_label=&#8221;Bewertung Abgeben&#8221; _builder_version=&#8221;4.16&#8243; background_color=&#8221;rgba(255,255,255,0)&#8221; custom_padding=&#8221;5px||5px|&#8221; animation_style=&#8221;zoom&#8221; global_colors_info=&#8221;{}&#8221;][\/et_pb_cta][\/et_pb_column][\/et_pb_row][\/et_pb_section][et_pb_section fb_built=&#8221;1&#8243; _builder_version=&#8221;4.16&#8243; custom_padding=&#8221;15px||15px|&#8221; global_colors_info=&#8221;{}&#8221;][et_pb_row _builder_version=&#8221;4.16&#8243; background_size=&#8221;initial&#8221; background_position=&#8221;top_left&#8221; background_repeat=&#8221;repeat&#8221; global_colors_info=&#8221;{}&#8221;][et_pb_column type=&#8221;4_4&#8243; _builder_version=&#8221;4.16&#8243; custom_padding=&#8221;|||&#8221; global_colors_info=&#8221;{}&#8221; custom_padding__hover=&#8221;|||&#8221;][et_pb_blurb _builder_version=&#8221;4.16&#8243; background_size=&#8221;initial&#8221; background_position=&#8221;top_left&#8221; background_repeat=&#8221;repeat&#8221; text_orientation=&#8221;center&#8221; max_width_tablet=&#8221;50px&#8221; animation_style=&#8221;zoom&#8221; use_border_color=&#8221;off&#8221; global_colors_info=&#8221;{}&#8221;]<\/p>\n<h1>Wir freuen uns auf Ihren Besuch<\/h1>\n<p>[\/et_pb_blurb][\/et_pb_column][\/et_pb_row][\/et_pb_section]<\/p>\n","protected":false},"excerpt":{"rendered":"<p><script type=\"text\/javascript\">jQuery(function() { _initLayerSlider( '#layerslider_2_1djeri2vepr40', {sliderVersion: '9.1.3', responsiveUnder: 1280, slideBGSize: 'auto', hideUnder: 0, hideOver: 100000, pauseOnHover: 1, skin: 'borderlessdark3d', globalBGColor: 'transparent', thumbnailNavigation: 'disabled', useSrcset: true, skinsPath: 'https:\/\/landmetzgerei-mesquida.de\/page\/wp-content\/plugins\/LayerSlider\/assets\/static\/layerslider\/skins\/'}); });<\/script><div id=\"layerslider_2_1djeri2vepr40\" class=\"ls-wp-container fitvidsignore\" style=\"width:1250px;height:550px;margin:0 auto;margin-bottom: 0px;\"><div class=\"ls-slide\" data-ls=\"duration:10000;transition2d:1;timeshift:-1000;kenburnsscale:1.2;\"><img loading=\"lazy\" width=\"2560\" height=\"600\" src=\"https:\/\/landmetzgerei-mesquida.de\/page\/wp-content\/uploads\/layerslider\/Full-width-demo-slider\/fw-1.jpg\" class=\"ls-bg\" alt=\"\" decoding=\"async\" srcset=\"https:\/\/landmetzgerei-mesquida.de\/page\/wp-content\/uploads\/layerslider\/Full-width-demo-slider\/fw-1.jpg 2560w, https:\/\/landmetzgerei-mesquida.de\/page\/wp-content\/uploads\/layerslider\/Full-width-demo-slider\/fw-1-300x70.jpg 300w, https:\/\/landmetzgerei-mesquida.de\/page\/wp-content\/uploads\/layerslider\/Full-width-demo-slider\/fw-1-768x180.jpg 768w, https:\/\/landmetzgerei-mesquida.de\/page\/wp-content\/uploads\/layerslider\/Full-width-demo-slider\/fw-1-1024x240.jpg 1024w, https:\/\/landmetzgerei-mesquida.de\/page\/wp-content\/uploads\/layerslider\/Full-width-demo-slider\/fw-1-1080x253.jpg 1080w\" sizes=\"(max-width: 2560px) 100vw, 2560px\" \/><img loading=\"lazy\" width=\"1500\" height=\"600\" src=\"https:\/\/landmetzgerei-mesquida.de\/page\/wp-content\/uploads\/2017\/12\/kalbfleisch1.png\" class=\"ls-l ls-img-layer\" alt=\"\" decoding=\"async\" srcset=\"https:\/\/landmetzgerei-mesquida.de\/page\/wp-content\/uploads\/2017\/12\/kalbfleisch1.png 1500w, https:\/\/landmetzgerei-mesquida.de\/page\/wp-content\/uploads\/2017\/12\/kalbfleisch1-300x120.png 300w, https:\/\/landmetzgerei-mesquida.de\/page\/wp-content\/uploads\/2017\/12\/kalbfleisch1-768x307.png 768w, https:\/\/landmetzgerei-mesquida.de\/page\/wp-content\/uploads\/2017\/12\/kalbfleisch1-1024x410.png 1024w, https:\/\/landmetzgerei-mesquida.de\/page\/wp-content\/uploads\/2017\/12\/kalbfleisch1-1080x432.png 1080w\" sizes=\"(max-width: 1500px) 100vw, 1500px\" style=\"top:-50px;left:-29px;\" data-ls=\"offsetxin:-200;durationin:2000;offsetxout:-200;durationout:400;parallaxlevel:0;\"><h1 style=\"font-weight: 300;height:50px;padding-top:10px;padding-right:10px;padding-left:10px;font-family:Lato, 'Open Sans', sans-serif;font-size:40px;line-height:37px;color:#ffffff;border-radius:6px;top:324px;left:19px;background-color:#ed1111;border-width:1px 1px 1px 1px;\" class=\"ls-l ls-text-layer\" data-ls=\"durationin:2000;delayin:1500;easingin:easeOutElastic;rotatexin:-90;transformoriginin:50% top 0;offsetxout:-400;parallaxlevel:0;\">Frisches BIO Kalbfleisch aus Galizien in Spitzenqualit&auml;t<\/h1><h2 style=\"height:35px;padding-top:5px;padding-right:10px;padding-bottom:10px;padding-left:10px;font-family:'Indie Flower';font-size:35px;color:#292525;border-radius:10px;top:393px;left:17px;background-color:#a2fa0a;border-width:5px 10px 0px 10px;\" class=\"ls-l ls-text-layer\" data-ls=\"durationin:2000;delayin:2000;easingin:easeOutElastic;rotatexin:90;transformoriginin:50% top 0;offsetxout:-600;durationout:400;parallaxlevel:0;\">Kalbsfilet, Kalbsr&uuml;cken, Kalbsschnitzel, Kalbsoberschale<\/h2><img loading=\"lazy\" width=\"100\" height=\"118\" src=\"https:\/\/landmetzgerei-mesquida.de\/page\/wp-content\/uploads\/2017\/03\/logo-fleischerverband100x118.png\" class=\"ls-l ls-img-layer\" alt=\"\" decoding=\"async\" style=\"top:369px;left:1085px;\" data-ls=\"offsetxin:80;easingin:easeInCubic;offsetxout:-80;durationout:400;parallaxlevel:0;\"><\/div><div class=\"ls-slide\" data-ls=\"duration:7000;transition2d:1;timeshift:-1000;kenburnsscale:1.2;\"><img loading=\"lazy\" width=\"2560\" height=\"600\" src=\"https:\/\/landmetzgerei-mesquida.de\/page\/wp-content\/uploads\/layerslider\/Full-width-demo-slider\/fw-1.jpg\" class=\"ls-bg\" alt=\"\" decoding=\"async\" srcset=\"https:\/\/landmetzgerei-mesquida.de\/page\/wp-content\/uploads\/layerslider\/Full-width-demo-slider\/fw-1.jpg 2560w, https:\/\/landmetzgerei-mesquida.de\/page\/wp-content\/uploads\/layerslider\/Full-width-demo-slider\/fw-1-300x70.jpg 300w, https:\/\/landmetzgerei-mesquida.de\/page\/wp-content\/uploads\/layerslider\/Full-width-demo-slider\/fw-1-768x180.jpg 768w, https:\/\/landmetzgerei-mesquida.de\/page\/wp-content\/uploads\/layerslider\/Full-width-demo-slider\/fw-1-1024x240.jpg 1024w, https:\/\/landmetzgerei-mesquida.de\/page\/wp-content\/uploads\/layerslider\/Full-width-demo-slider\/fw-1-1080x253.jpg 1080w\" sizes=\"(max-width: 2560px) 100vw, 2560px\" \/><img loading=\"lazy\" width=\"1620\" height=\"1080\" src=\"https:\/\/landmetzgerei-mesquida.de\/page\/wp-content\/uploads\/2017\/03\/Fleischerei-4.jpg\" class=\"ls-l ls-img-layer\" alt=\"\" decoding=\"async\" srcset=\"https:\/\/landmetzgerei-mesquida.de\/page\/wp-content\/uploads\/2017\/03\/Fleischerei-4.jpg 1620w, https:\/\/landmetzgerei-mesquida.de\/page\/wp-content\/uploads\/2017\/03\/Fleischerei-4-300x200.jpg 300w, https:\/\/landmetzgerei-mesquida.de\/page\/wp-content\/uploads\/2017\/03\/Fleischerei-4-768x512.jpg 768w, https:\/\/landmetzgerei-mesquida.de\/page\/wp-content\/uploads\/2017\/03\/Fleischerei-4-1024x683.jpg 1024w, https:\/\/landmetzgerei-mesquida.de\/page\/wp-content\/uploads\/2017\/03\/Fleischerei-4-1080x720.jpg 1080w\" sizes=\"(max-width: 1620px) 100vw, 1620px\" style=\"top:-113px;left:-162px;\" data-ls=\"offsetxin:600;durationin:2000;offsetxout:-600;durationout:400;parallaxlevel:0;\"><p style=\"font-weight: 300;height:60px;padding-top:20px;padding-right:10px;padding-left:10px;font-family:Lato, 'Open Sans', sans-serif;font-size:50px;line-height:37px;color:#ffffff;border-radius:3px;top:70px;left:105px;background-color:#f04705;\" class=\"ls-l ls-text-layer\" data-ls=\"durationin:2000;easingin:easeOutElastic;rotatexin:-90;transformoriginin:50% top 0;offsetxout:-200;parallaxlevel:0;\">Hausmacher-Grillspezialit&auml;ten<\/p><p style=\"font-family:'Indie Flower';font-size:31px;color:#ffffff;top:158px;left:111px;\" class=\"ls-l ls-text-layer\" data-ls=\"durationin:2000;delayin:2000;easingin:easeOutElastic;rotatexin:90;transformoriginin:50% top 0;offsetxout:-400;durationout:400;parallaxlevel:0;\">Verwendung von Qualit&auml;ts Produkten<\/p><img loading=\"lazy\" width=\"100\" height=\"118\" src=\"https:\/\/landmetzgerei-mesquida.de\/page\/wp-content\/uploads\/2017\/03\/logo-fleischerverband100x118.png\" class=\"ls-l ls-img-layer\" alt=\"\" decoding=\"async\" style=\"top:357px;left:1086px;\" data-ls=\"offsetxin:80;easingin:swing;offsetxout:-80;durationout:400;parallaxlevel:0;\"><\/div><div class=\"ls-slide\" data-ls=\"duration:7000;transition2d:1;timeshift:-1000;kenburnsscale:1.2;\"><img loading=\"lazy\" width=\"2560\" height=\"600\" src=\"https:\/\/landmetzgerei-mesquida.de\/page\/wp-content\/uploads\/layerslider\/Full-width-demo-slider\/fw-1.jpg\" class=\"ls-bg\" alt=\"\" decoding=\"async\" srcset=\"https:\/\/landmetzgerei-mesquida.de\/page\/wp-content\/uploads\/layerslider\/Full-width-demo-slider\/fw-1.jpg 2560w, https:\/\/landmetzgerei-mesquida.de\/page\/wp-content\/uploads\/layerslider\/Full-width-demo-slider\/fw-1-300x70.jpg 300w, https:\/\/landmetzgerei-mesquida.de\/page\/wp-content\/uploads\/layerslider\/Full-width-demo-slider\/fw-1-768x180.jpg 768w, https:\/\/landmetzgerei-mesquida.de\/page\/wp-content\/uploads\/layerslider\/Full-width-demo-slider\/fw-1-1024x240.jpg 1024w, https:\/\/landmetzgerei-mesquida.de\/page\/wp-content\/uploads\/layerslider\/Full-width-demo-slider\/fw-1-1080x253.jpg 1080w\" sizes=\"(max-width: 2560px) 100vw, 2560px\" \/><img loading=\"lazy\" width=\"1300\" height=\"864\" src=\"https:\/\/landmetzgerei-mesquida.de\/page\/wp-content\/uploads\/2017\/03\/DSC01052-1-1.jpg\" class=\"ls-l ls-img-layer\" alt=\"\" decoding=\"async\" srcset=\"https:\/\/landmetzgerei-mesquida.de\/page\/wp-content\/uploads\/2017\/03\/DSC01052-1-1.jpg 1300w, https:\/\/landmetzgerei-mesquida.de\/page\/wp-content\/uploads\/2017\/03\/DSC01052-1-1-300x199.jpg 300w, https:\/\/landmetzgerei-mesquida.de\/page\/wp-content\/uploads\/2017\/03\/DSC01052-1-1-768x510.jpg 768w, https:\/\/landmetzgerei-mesquida.de\/page\/wp-content\/uploads\/2017\/03\/DSC01052-1-1-1024x681.jpg 1024w, https:\/\/landmetzgerei-mesquida.de\/page\/wp-content\/uploads\/2017\/03\/DSC01052-1-1-1080x718.jpg 1080w\" sizes=\"(max-width: 1300px) 100vw, 1300px\" style=\"top:-152px;left:-10px;\" data-ls=\"offsetxin:-200;durationin:2000;offsetxout:-200;durationout:400;parallaxlevel:0;\"><p style=\"font-weight: 300;height:50px;padding-top:10px;padding-right:10px;padding-left:10px;font-family:Lato, 'Open Sans', sans-serif;font-size:40px;line-height:37px;color:#ffffff;border-radius:3px;top:27px;left:20px;background-color:#383737;border-width:1px 1px 1px 1px;\" class=\"ls-l ls-text-layer\" data-ls=\"durationin:2000;delayin:1500;easingin:easeOutElastic;rotatexin:-90;transformoriginin:50% top 0;offsetxout:-400;parallaxlevel:0;\">Ger&auml;ucherte Wurstspezialit&auml;ten<\/p><p style=\"font-family:'Indie Flower';font-size:40px;color:#ffffff;top:84px;left:29px;\" class=\"ls-l ls-text-layer\" data-ls=\"durationin:2000;delayin:2000;easingin:easeOutElastic;rotatexin:90;transformoriginin:50% top 0;offsetxout:-600;durationout:400;parallaxlevel:0;\">verschiedene Sorten<\/p><img loading=\"lazy\" width=\"100\" height=\"118\" src=\"https:\/\/landmetzgerei-mesquida.de\/page\/wp-content\/uploads\/2017\/03\/logo-fleischerverband100x118.png\" class=\"ls-l ls-img-layer\" alt=\"\" decoding=\"async\" style=\"top:369px;left:1069px;\" data-ls=\"offsetxin:80;easingin:easeInCubic;offsetxout:-80;durationout:400;parallax:true;parallaxlevel:1;\"><\/div><div class=\"ls-slide\" data-ls=\"duration:7000;transition2d:1;timeshift:-1000;kenburnsscale:1.2;\"><img loading=\"lazy\" width=\"2560\" height=\"600\" src=\"https:\/\/landmetzgerei-mesquida.de\/page\/wp-content\/uploads\/layerslider\/Full-width-demo-slider\/fw-1.jpg\" class=\"ls-bg\" alt=\"\" decoding=\"async\" srcset=\"https:\/\/landmetzgerei-mesquida.de\/page\/wp-content\/uploads\/layerslider\/Full-width-demo-slider\/fw-1.jpg 2560w, https:\/\/landmetzgerei-mesquida.de\/page\/wp-content\/uploads\/layerslider\/Full-width-demo-slider\/fw-1-300x70.jpg 300w, https:\/\/landmetzgerei-mesquida.de\/page\/wp-content\/uploads\/layerslider\/Full-width-demo-slider\/fw-1-768x180.jpg 768w, https:\/\/landmetzgerei-mesquida.de\/page\/wp-content\/uploads\/layerslider\/Full-width-demo-slider\/fw-1-1024x240.jpg 1024w, https:\/\/landmetzgerei-mesquida.de\/page\/wp-content\/uploads\/layerslider\/Full-width-demo-slider\/fw-1-1080x253.jpg 1080w\" sizes=\"(max-width: 2560px) 100vw, 2560px\" \/><img loading=\"lazy\" width=\"1500\" height=\"650\" src=\"https:\/\/landmetzgerei-mesquida.de\/page\/wp-content\/uploads\/2021\/04\/spezi1.png\" class=\"ls-l ls-img-layer\" alt=\"\" decoding=\"async\" srcset=\"https:\/\/landmetzgerei-mesquida.de\/page\/wp-content\/uploads\/2021\/04\/spezi1.png 1500w, https:\/\/landmetzgerei-mesquida.de\/page\/wp-content\/uploads\/2021\/04\/spezi1-1280x555.png 1280w, https:\/\/landmetzgerei-mesquida.de\/page\/wp-content\/uploads\/2021\/04\/spezi1-980x425.png 980w, https:\/\/landmetzgerei-mesquida.de\/page\/wp-content\/uploads\/2021\/04\/spezi1-480x208.png 480w\" sizes=\"(min-width: 0px) and (max-width: 480px) 480px, (min-width: 481px) and (max-width: 980px) 980px, (min-width: 981px) and (max-width: 1280px) 1280px, (min-width: 1281px) 1500px, 100vw\" style=\"top:-100px;left:-89px;\" data-ls=\"offsetxin:-200;durationin:2000;offsetxout:-200;durationout:400;parallaxlevel:0;\"><p style=\"font-weight: 300;height:50px;padding-top:10px;padding-right:10px;padding-left:10px;font-family:Lato, 'Open Sans', sans-serif;font-size:40px;line-height:37px;color:#ffffff;border-radius:3px;top:353px;left:14px;background-color:#ed1111;border-width:1px 1px 1px 1px;\" class=\"ls-l ls-text-layer\" data-ls=\"durationin:2000;delayin:1500;easingin:easeOutElastic;rotatexin:-90;transformoriginin:50% top 0;offsetxout:-400;parallaxlevel:0;\">BIO Fleisch vom Bauernhof<\/p><p style=\"font-family:'Indie Flower';font-size:35px;color:#ffffff;top:413px;left:27px;\" class=\"ls-l ls-text-layer\" data-ls=\"durationin:2000;delayin:2000;easingin:easeOutElastic;rotatexin:90;transformoriginin:50% top 0;offsetxout:-600;durationout:400;parallaxlevel:0;\">Filet, Entrec&ograve;te, Lamm, u.v.m<\/p><img loading=\"lazy\" width=\"100\" height=\"118\" src=\"https:\/\/landmetzgerei-mesquida.de\/page\/wp-content\/uploads\/2017\/03\/logo-fleischerverband100x118.png\" class=\"ls-l ls-img-layer\" alt=\"\" decoding=\"async\" style=\"top:369px;left:1069px;\" data-ls=\"offsetxin:80;easingin:easeInCubic;offsetxout:-80;durationout:400;parallaxlevel:0;\"><\/div><div class=\"ls-slide\" data-ls=\"duration:7000;transition2d:1;timeshift:-1000;kenburnsscale:1.2;\"><img loading=\"lazy\" width=\"2560\" height=\"600\" src=\"https:\/\/landmetzgerei-mesquida.de\/page\/wp-content\/uploads\/layerslider\/Full-width-demo-slider\/fw-1.jpg\" class=\"ls-bg\" alt=\"\" decoding=\"async\" srcset=\"https:\/\/landmetzgerei-mesquida.de\/page\/wp-content\/uploads\/layerslider\/Full-width-demo-slider\/fw-1.jpg 2560w, https:\/\/landmetzgerei-mesquida.de\/page\/wp-content\/uploads\/layerslider\/Full-width-demo-slider\/fw-1-300x70.jpg 300w, https:\/\/landmetzgerei-mesquida.de\/page\/wp-content\/uploads\/layerslider\/Full-width-demo-slider\/fw-1-768x180.jpg 768w, https:\/\/landmetzgerei-mesquida.de\/page\/wp-content\/uploads\/layerslider\/Full-width-demo-slider\/fw-1-1024x240.jpg 1024w, https:\/\/landmetzgerei-mesquida.de\/page\/wp-content\/uploads\/layerslider\/Full-width-demo-slider\/fw-1-1080x253.jpg 1080w\" sizes=\"(max-width: 2560px) 100vw, 2560px\" \/><img loading=\"lazy\" width=\"1300\" height=\"650\" src=\"https:\/\/landmetzgerei-mesquida.de\/page\/wp-content\/uploads\/2017\/03\/fleich-slider.png\" class=\"ls-l ls-img-layer\" alt=\"\" decoding=\"async\" srcset=\"https:\/\/landmetzgerei-mesquida.de\/page\/wp-content\/uploads\/2017\/03\/fleich-slider.png 1300w, https:\/\/landmetzgerei-mesquida.de\/page\/wp-content\/uploads\/2017\/03\/fleich-slider-300x150.png 300w, https:\/\/landmetzgerei-mesquida.de\/page\/wp-content\/uploads\/2017\/03\/fleich-slider-768x384.png 768w, https:\/\/landmetzgerei-mesquida.de\/page\/wp-content\/uploads\/2017\/03\/fleich-slider-1024x512.png 1024w, https:\/\/landmetzgerei-mesquida.de\/page\/wp-content\/uploads\/2017\/03\/fleich-slider-1080x540.png 1080w\" sizes=\"(max-width: 1300px) 100vw, 1300px\" style=\"top:-100px;left:-25px;\" data-ls=\"offsetxin:-200;durationin:2000;offsetxout:-200;durationout:400;parallaxlevel:0;\"><p style=\"font-weight: 300;height:50px;padding-top:10px;padding-right:10px;padding-left:10px;font-family:Lato, 'Open Sans', sans-serif;font-size:40px;line-height:37px;color:#ffffff;border-radius:3px;top:355px;left:24px;background-color:#030303;border-width:1px 1px 1px 1px;\" class=\"ls-l ls-text-layer\" data-ls=\"durationin:2000;delayin:1500;easingin:easeOutElastic;rotatexin:-90;transformoriginin:50% top 0;offsetxout:-400;parallaxlevel:0;\">Qualit&auml;t zum Fairen Preis<\/p><p style=\"font-family:'Indie Flower';font-size:35px;color:#ffffff;top:419px;left:28px;\" class=\"ls-l ls-text-layer\" data-ls=\"durationin:2000;delayin:2000;easingin:easeOutElastic;rotatexin:90;transformoriginin:50% top 0;offsetxout:-600;durationout:400;parallaxlevel:0;\">&Uuml;berzeugen Sie sich selbst<\/p><img loading=\"lazy\" width=\"100\" height=\"118\" src=\"https:\/\/landmetzgerei-mesquida.de\/page\/wp-content\/uploads\/2017\/03\/logo-fleischerverband100x118.png\" class=\"ls-l ls-img-layer\" alt=\"\" decoding=\"async\" style=\"top:369px;left:1069px;\" data-ls=\"offsetxin:80;easingin:easeInCubic;offsetxout:-80;durationout:400;parallaxlevel:0;\"><\/div><\/div>Ihr traditioneller Deutscher Handwerksbetrieb auf Mallorca &gt;&gt;&gt; AKTUELLE MITTEILUNG &lt;&lt;&lt; &nbsp; Am Freitag den 1.5.26 ist unsere Metzgerei geschlossen ! &nbsp; &nbsp;Regional Lange Zusammenarbeit mit regionalen Landwirten, denen wir vertrauen:Das st\u00e4rkt die Region! Handwerklich Mit h\u00f6chsten handwerklichen Anspr\u00fcchen und gr\u00f6\u00dfter Sorgfalt stellen wir unsere Produkte traditionell her. Traditionell Bereits \u00fcber 20 Jahre besteht unsere [&hellip;]<\/p>\n","protected":false},"author":1,"featured_media":0,"parent":0,"menu_order":0,"comment_status":"closed","ping_status":"closed","template":"","meta":{"_et_pb_use_builder":"on","_et_pb_old_content":"","_et_gb_content_width":"","_glsr_average":0,"_glsr_ranking":0,"_glsr_reviews":0,"footnotes":""},"class_list":["post-105","page","type-page","status-publish","hentry"],"_links":{"self":[{"href":"https:\/\/landmetzgerei-mesquida.de\/page\/wp-json\/wp\/v2\/pages\/105","targetHints":{"allow":["GET"]}}],"collection":[{"href":"https:\/\/landmetzgerei-mesquida.de\/page\/wp-json\/wp\/v2\/pages"}],"about":[{"href":"https:\/\/landmetzgerei-mesquida.de\/page\/wp-json\/wp\/v2\/types\/page"}],"author":[{"embeddable":true,"href":"https:\/\/landmetzgerei-mesquida.de\/page\/wp-json\/wp\/v2\/users\/1"}],"replies":[{"embeddable":true,"href":"https:\/\/landmetzgerei-mesquida.de\/page\/wp-json\/wp\/v2\/comments?post=105"}],"version-history":[{"count":485,"href":"https:\/\/landmetzgerei-mesquida.de\/page\/wp-json\/wp\/v2\/pages\/105\/revisions"}],"predecessor-version":[{"id":2001,"href":"https:\/\/landmetzgerei-mesquida.de\/page\/wp-json\/wp\/v2\/pages\/105\/revisions\/2001"}],"wp:attachment":[{"href":"https:\/\/landmetzgerei-mesquida.de\/page\/wp-json\/wp\/v2\/media?parent=105"}],"curies":[{"name":"wp","href":"https:\/\/api.w.org\/{rel}","templated":true}]}}